{"id":13119,"date":"2022-11-09T12:49:11","date_gmt":"2022-11-09T11:49:11","guid":{"rendered":"https:\/\/chargeguru.com\/fr\/?page_id=13119"},"modified":"2023-05-25T14:23:25","modified_gmt":"2023-05-25T13:23:25","slug":"e-c4","status":"publish","type":"page","link":"https:\/\/chargeguru.com\/fr-be\/e-c4\/","title":{"rendered":"Citro\u00ebn e-C4"},"content":{"rendered":"<p>\r\n<section class=\"sh-section sh-section-989cd74da05f108bf30e0fe67bc7aa30 fw-main-row sh-section-visibility-everywhere\">\r\n\t\r\n\t\r\n\t<div class=\"sh-section-container container-fluid\">\r\n\t\t<div class=\"fw-row\">\n\t\r\n<div class=\"sh-column sh-column-321dec6398addf2f3fe06738ec8d7eb0 fw-col-xs-12\" >\r\n\r\n\t\r\n\t<div class=\"sh-column-wrapper\">\r\n\t\t\r\n<div class=\"sh-revslider\" id=\"revslider-b224ed4c9dd075b31837e4760ebc0d0f\">\r\n\t\n\t\t\t<!-- START V\u00e9hicules  eC4 REVOLUTION SLIDER 6.7.37 --><p class=\"rs-p-wp-fix\"><\/p>\n\t\t\t<rs-module-wrap id=\"rev_slider_65_1_wrapper\" data-source=\"gallery\" style=\"visibility:hidden;background:transparent;padding:0;margin:0px auto;margin-top:0;margin-bottom:0;\">\n\t\t\t\t<rs-module id=\"rev_slider_65_1\" style=\"\" data-version=\"6.7.37\">\n\t\t\t\t\t<rs-slides style=\"overflow: hidden; position: absolute;\">\n\t\t\t\t\t\t<rs-slide style=\"position: absolute;\" data-key=\"rs-68\" data-title=\"Slide\" data-duration=\"9000\" data-anim=\"adpr:false;ms:500;\" data-in=\"o:0;\" data-out=\"a:false;\">\n\t\t\t\t\t\t\t<img src=\"\/\/chargeguru.com\/fr-be\/wp-content\/plugins\/revslider\/sr6\/assets\/assets\/dummy.png\" alt=\"\" title=\"guru-vehicules.jpg\" width=\"2800\" height=\"1165\" class=\"rev-slidebg tp-rs-img rs-lazyload\" data-lazyload=\"\/\/chargeguru.com\/fr-be\/wp-content\/uploads\/sites\/7\/revslider\/vehicules-mercedes-eqa-11\/guru-vehicules.jpg\" data-bg=\"p:center bottom;\" data-no-retina>\n<!--\n\t\t\t\t\t\t\t--><rs-layer\n\t\t\t\t\t\t\t\tid=\"slider-65-slide-68-layer-1\" \n\t\t\t\t\t\t\t\tdata-type=\"image\"\n\t\t\t\t\t\t\t\tdata-rsp_ch=\"on\"\n\t\t\t\t\t\t\t\tdata-xy=\"x:l,l,l,c;xo:714px,288px,83px,2px;yo:126px,212px,227px,230px;\"\n\t\t\t\t\t\t\t\tdata-text=\"l:22;a:inherit;\"\n\t\t\t\t\t\t\t\tdata-dim=\"w:426px,426px,800px,464px;h:293px,293px,400auto,232px;\"\n\t\t\t\t\t\t\t\tdata-frame_0=\"o:1;\"\n\t\t\t\t\t\t\t\tdata-frame_1=\"x:-19px;y:32px;sp:310;sR:10;\"\n\t\t\t\t\t\t\t\tdata-frame_999=\"e:nothing;st:w;sR:8679.9996948242;\"\n\t\t\t\t\t\t\t\tstyle=\"z-index:8;\"\n\t\t\t\t\t\t\t><img src=\"\/\/chargeguru.com\/fr-be\/wp-content\/plugins\/revslider\/sr6\/assets\/assets\/dummy.png\" alt=\"\" class=\"tp-rs-img rs-lazyload\" width=\"800\" height=\"550\" data-lazyload=\"\/\/chargeguru.com\/fr-be\/wp-content\/uploads\/sites\/7\/revslider\/vehicules-new-e-2008-1\/ec4.png\" data-no-retina> \n\t\t\t\t\t\t\t<\/rs-layer><!--\n\n\t\t\t\t\t\t\t--><rs-layer\n\t\t\t\t\t\t\t\tid=\"slider-65-slide-68-layer-3\" \n\t\t\t\t\t\t\t\tdata-type=\"text\"\n\t\t\t\t\t\t\t\tdata-rsp_ch=\"on\"\n\t\t\t\t\t\t\t\tdata-xy=\"x:l,l,l,c;xo:218px,49px,30px,0;yo:167px,177px,109px,160px;\"\n\t\t\t\t\t\t\t\tdata-text=\"w:nowrap,nowrap,nowrap,normal;s:38,38,38,36;l:22,22,22,40;fw:600;a:inherit,inherit,inherit,center;\"\n\t\t\t\t\t\t\t\tdata-dim=\"w:704px,704px,704px,361px;h:auto,39px,39px,73px;\"\n\t\t\t\t\t\t\t\tdata-frame_1=\"st:299.99969482422;sp:310;sR:299.99969482422;\"\n\t\t\t\t\t\t\t\tdata-frame_999=\"o:0;st:w;sR:8390;\"\n\t\t\t\t\t\t\t\tstyle=\"z-index:9;font-family:'Raleway';\"\n\t\t\t\t\t\t\t>Recharger votre C4 \u00e9lectrique \n\t\t\t\t\t\t\t<\/rs-layer><!--\n\n\t\t\t\t\t\t\t--><rs-layer\n\t\t\t\t\t\t\t\tid=\"slider-65-slide-68-layer-5\" \n\t\t\t\t\t\t\t\tdata-type=\"text\"\n\t\t\t\t\t\t\t\tdata-rsp_ch=\"on\"\n\t\t\t\t\t\t\t\tdata-xy=\"x:l,l,l,c;xo:218px,49px,30px,1px;yo:222px,235px,197px,477px;\"\n\t\t\t\t\t\t\t\tdata-text=\"w:normal;s:18,18,18,17;l:26;fw:500;a:inherit,inherit,inherit,center;\"\n\t\t\t\t\t\t\t\tdata-dim=\"w:478px,521px,521px,433px;h:79px,auto,auto,80px;\"\n\t\t\t\t\t\t\t\tdata-frame_0=\"y:-50px;\"\n\t\t\t\t\t\t\t\tdata-frame_1=\"st:599.99969482422;sR:599.99969482422;\"\n\t\t\t\t\t\t\t\tdata-frame_999=\"st:w;sR:8100;\"\n\t\t\t\t\t\t\t\tstyle=\"z-index:10;font-family:'Raleway';\"\n\t\t\t\t\t\t\t>Autonomie et temps de recharge du e-C4, ChargeGuru vous accompagne pour identifier et installer la solution adapt\u00e9e \u00e0 votre besoin ! \n\t\t\t\t\t\t\t<\/rs-layer><!--\n\n\t\t\t\t\t\t\t--><rs-layer\n\t\t\t\t\t\t\t\tid=\"slider-65-slide-68-layer-11\" \n\t\t\t\t\t\t\t\tdata-type=\"text\"\n\t\t\t\t\t\t\t\tdata-rsp_ch=\"on\"\n\t\t\t\t\t\t\t\tdata-xy=\"x:l,l,l,c;xo:218px,51px,30px,0;yo:348px,351px,362px,600px;\"\n\t\t\t\t\t\t\t\tdata-text=\"s:17;l:22;a:inherit;\"\n\t\t\t\t\t\t\t\tdata-frame_0=\"y:50px;\"\n\t\t\t\t\t\t\t\tdata-frame_1=\"st:899.99969482422;sR:899.99969482422;\"\n\t\t\t\t\t\t\t\tdata-frame_999=\"o:0;st:w;sR:7800;\"\n\t\t\t\t\t\t\t\tdata-frame_hover=\"c:#000;bor:0px,0px,0px,0px;oX:50;oY:50;sp:0;e:none;\"\n\t\t\t\t\t\t\t\tstyle=\"z-index:11;font-family:'Raleway';\"\n\t\t\t\t\t\t\t><a class=\"typeform-share guru-button guru-translate\" href=\"https:\/\/chargeguru.typeform.com\/to\/eAMIhlz8\" data-tf-transitive-search-params=\"gclid\" data-transferable-url-parameters=\"gclid\" data-mode=\"popup\" data-hide-headers=true data-hide-footer=true data-submit-close-delay=\"5\" target=\"_blank\">OBTENEZ VOTRE DEVIS <i class=\"fa-chevron-right\"><\/i><\/a>  \n\t\t\t\t\t\t\t<\/rs-layer><!--\n-->\t\t\t\t\t<\/rs-slide>\n\t\t\t\t\t<\/rs-slides>\n\t\t\t\t<\/rs-module>\n\t\t\t\t<script>\n\t\t\t\t\tsetREVStartSize({c: 'rev_slider_65_1',rl:[1240,1024,778,480],el:[534,600,600,720],gw:[1240,1024,778,480],gh:[534,600,600,720],type:'hero',justify:'',layout:'fullwidth',mh:\"0\"});if (window.RS_MODULES!==undefined && window.RS_MODULES.modules!==undefined && window.RS_MODULES.modules[\"revslider651\"]!==undefined) {window.RS_MODULES.modules[\"revslider651\"].once = false;window.revapi65 = undefined;if (window.RS_MODULES.checkMinimal!==undefined) window.RS_MODULES.checkMinimal()}\n\t\t\t\t<\/script>\n\t\t\t<\/rs-module-wrap>\n\t\t\t<!-- END REVOLUTION SLIDER -->\n<\/div>\r\n\t<\/div>\r\n\r\n\r\n\t\t\r\n\r\n<\/div>\r\n<\/div>\n\n\t<\/div>\r\n<\/section>\r\n\r\n<section class=\"sh-section sh-section-2109c5961b1566f41cb3a2fc10652903 fw-main-row sh-section-visibility-everywhere\">\r\n\t\r\n\t\r\n\t<div class=\"sh-section-container container section-justify-height\">\r\n\t\t<div class=\"fw-row\">\n\t\r\n<div class=\"sh-column sh-column-2d6534c4efcfdfd719aeb43dcd51bb09 fw-col-xs-12 fw-col-sm-6\" >\r\n\r\n\t\r\n\t<div class=\"sh-column-wrapper\">\r\n\t\t\r\n<div id=\"single-image-defe0d46ecacb181e987dc100329643e\" class=\"sh-single-image  \">\r\n\t<div class=\"sh-element-margin\">\r\n\r\n\t\t\r\n\t\t\t<div class=\"sh-single-image-container\">\r\n\t\t\t\t\r\n\t\t\t\t\t\t\t\t\t\t\t\t\t\t\t<a href=\"\/\/chargeguru.com\/wp-content\/uploads\/2018\/06\/recharge-vehicule-1-small.png\" rel=\"lightbox\">\r\n\t\t\t\t\t\r\n\t\t\t\t\t\t\t\t\t\t\t\t\t<img class=\"sh-image-url\" src=\"https:\/\/chargeguru.com\/fr-be\/wp-content\/uploads\/sites\/7\/2018\/06\/recharge-vehicule-1-small.png\" alt=\"recharge-vehicule-1-small\" \/>\r\n\t\t\t\t\t\t\t\t\t\t\t\t\t\r\n\t\t\t\t\t\t\t\t\t\t\t<\/a>\r\n\t\t\t\t\t\t\t\t\t\r\n\t\t\t\t\t\t\t<\/div>\r\n\r\n\t\t\r\n\t<\/div>\r\n<\/div>\r\n\r\n<div id=\"text-block-d76520ddd04d9498c4e2c9dc702430e7\" class=\"sh-text-block\">\r\n\t<h1 style=\"text-align: center;\">Citro\u00ebn e-C4 : guide complet pour la recharge<\/h1><p>Vous trouverez ici toutes les informations n\u00e9cessaires sur la e-C4\u00a0 : le temps et le co\u00fbt de la recharge, son autonomie et bien plus.<\/p><p>Apr\u00e8s le d\u00e9voilement de son nouveau C4, Citro\u00ebn lance la version \u00e9lectrique du v\u00e9hicule. \u00c9l\u00e9gant, ce e-C4 sera \u00e0 la hauteur de vos exigences.<\/p><\/div>\r\n\r\n<div id=\"text-block-f8bcd2ccaec6e0bde2106447fffa7459\" class=\"sh-text-block\">\r\n\t<p><a class=\"typeform-share guru-button-small\" href=\"https:\/\/chargeguru.typeform.com\/to\/eAMIhlz8\" target=\"_blank\" rel=\"noopener\" data-mode=\"popup\" data-hide-headers=\"true\" data-hide-footer=\"true\"><i class=\"fa fa-calculator\"><\/i><span class=\"sh-button-text\">\u00a0Obtenez un devis<\/span><br \/><\/a><\/p><\/div>\r\n\t<\/div>\r\n\r\n\r\n\t\t\r\n\r\n<\/div>\r\n\r\n<div class=\"sh-column sh-column-bdf3f551631177e39b5c7499dfcd8b25 fw-col-xs-12 fw-col-sm-6 sh-column-shadow\" >\r\n\r\n\t\r\n\t<div class=\"sh-column-wrapper\">\r\n\t\t\r\n<div id=\"button-aa6ae33ee74d21bb44e27cb4df4da340\" class=\"sh-button-container  sh-button-style-1\">\r\n\t<div class=\"sh-element-margin\">\r\n\t\t<a href=\"\" target=\"_self\" class=\"sh-button sh-button-xsmall \">\r\n\r\n\t\t\t\r\n\t\t\t\t\t\t\t<span class=\"sh-button-text\">\r\n\t\t\t\t\tVOTRE E-C4 EN BREF\t\t\t\t<\/span>\r\n\t\t\t\r\n\t\t\t\r\n\t\t<\/a>\r\n\t\t\t<\/div>\r\n<\/div>\r\n\r\n<div class=\"sh-empty-space\" id=\"empty-space-dc189ad9e110502a63b8cefdeb49bc81\"><\/div>\r\n\r\n<ul class=\"sh-list sh-list-style2\" id=\"list-f8ffa88ca4e31e5f70b7cc5e6e595771\">\r\n\t\t\t<li class=\"sh-list-item\">\r\n\t\t\t<span class=\"sh-list-icon\">\r\n\t\t\t\t<i class=\"ti-bolt\"><\/i>\r\n\t\t\t<\/span>\r\n\t\t\tAutonomie : 343 km - 354 km\t\t<\/li>\r\n\t\t\t<li class=\"sh-list-item\">\r\n\t\t\t<span class=\"sh-list-icon\">\r\n\t\t\t\t<i class=\"ti-bolt\"><\/i>\r\n\t\t\t<\/span>\r\n\t\t\tCharge rapide : Oui\t\t<\/li>\r\n\t\t\t<li class=\"sh-list-item\">\r\n\t\t\t<span class=\"sh-list-icon\">\r\n\t\t\t\t<i class=\"ti-bolt\"><\/i>\r\n\t\t\t<\/span>\r\n\t\t\tType de v\u00e9hicule : 100% \u00e9lectrique\t\t<\/li>\r\n\t\t\t<li class=\"sh-list-item\">\r\n\t\t\t<span class=\"sh-list-icon\">\r\n\t\t\t\t<i class=\"ti-bolt\"><\/i>\r\n\t\t\t<\/span>\r\n\t\t\tTaille de la batterie : 50 kWh\t\t<\/li>\r\n\t<\/ul>\r\n\r\n<div id=\"button-e6d892599a3005c4f3999426f5c444d0\" class=\"sh-button-container  sh-button-style-3\">\r\n\t<div class=\"sh-element-margin\">\r\n\t\t<a href=\"#temps-recharge-et-economies\" target=\"_self\" class=\"sh-button sh-button-medium sh-button-icon-right\">\r\n\r\n\t\t\t\t\t\t\t<span class=\"sh-button-icon\">\r\n\t\t\t\t\t<i class=\"fa fa-angle-double-right\"><\/i>\r\n\t\t\t\t<\/span>\r\n\t\t\t\r\n\t\t\t\t\t\t\t<span class=\"sh-button-text\">\r\n\t\t\t\t\tNos simulateurs\t\t\t\t<\/span>\r\n\t\t\t\r\n\t\t\t\r\n\t\t<\/a>\r\n\t\t\t<\/div>\r\n<\/div>\r\n\t<\/div>\r\n\r\n\r\n\t\t\r\n\r\n<\/div>\r\n<\/div>\n\n\t<\/div>\r\n<\/section>\r\n\r\n<section class=\"sh-section sh-section-3a81e4ff231d71f4c5306be2cc071a18 fw-main-row sh-section-visibility-everywhere\">\r\n\t\r\n\t\r\n\t<div class=\"sh-section-container container\">\r\n\t\t<div class=\"fw-row\">\n\t\r\n<div class=\"sh-column sh-column-2ddf516f5de290b72be7677cabc87f15 fw-col-xs-12\" >\r\n\r\n\t\r\n\t<div class=\"sh-column-wrapper\">\r\n\t\t\r\n\r\n\t<div class=\"sh-heading sh-heading-style1\" id=\"heading-c91e14b6669cc576a658e8dace23bc84\">\r\n\t\t<h2 class=\"sh-heading-content size-l\">\r\n\t\t\t<span>MA RECHARGE<\/span>\t\t<\/h2>\r\n\t<\/div>\r\n\r\n\r\n<div id=\"divider-767d4b5e4b49ebf713f98fa8a08c9892\" class=\"sh-divider sh-divider-center sh-divider-content-none\">\r\n\t\t\t<div class=\"sh-divider-line\"><\/div>\r\n\t<\/div>\r\n\t<\/div>\r\n\r\n\r\n\t\t\r\n\r\n<\/div>\r\n<\/div>\n\n<div class=\"fw-row\">\n\t\r\n<div class=\"sh-column sh-column-2ba8ee6b8dce52fc807f2d1462f71cb3 fw-col-xs-12\" >\r\n\r\n\t\r\n\t<div class=\"sh-column-wrapper\">\r\n\t\t\r\n<div class=\"sh-heading  \" id=\"heading-e5433888b34498a809db64401a5c067c\">\r\n\t<div class=\"sh-element-margin\">\r\n\r\n\t\t\r\n\t\t\t<h3 class=\"sh-heading-content size-m text-left\">\r\n\t\t\t\tTEMPS DE CHARGE DE LA E-C4\t\t\t<\/h3>\r\n\r\n\t\t\r\n\t<\/div>\r\n<\/div>\r\n\r\n<div id=\"text-block-4f4b2c077e1a78f3cdb4d2453f2b791e\" class=\"sh-text-block\">\r\n\t<p>Vous pouvez recharger votre e-C4 \u00e0 la maison, au travail ou sur des bornes publiques. Pour une recharge rapide, on rechargera plus souvent de 20 \u00e0 80% car la puissance de recharge au del\u00e0 de 80% a tendance \u00e0 diminuer.<br \/>Retrouvez ici les temps de recharge et l'autonomie regagn\u00e9e par heure de la e-C4 selon le lieu o\u00f9 vous souhaitez recharger et la puissance de recharge \u00e0 votre disposition.<\/p><p><strong>Voici la dur\u00e9e de la recharge compl\u00e8te de votre e-C4 :<\/strong><\/p><\/div>\r\n\r\n<div class=\"sh-table-element sh-table-element-style2 fw-table\" id=\"table-74d1a366a0a1effd17df750019565a79\">\r\n\t<table>\r\n\t\t\t\t\t\t\t\t\t<thead>\r\n\t\t\t\t\t<tr class=\"heading-row\">\r\n\t\t\t\t\t\t\t\t\t\t\t\t\t<th class=\"desc-col\">\r\n\t\t\t\t\t\t\t\tType de borne\t\t\t\t\t\t\t<\/th>\r\n\t\t\t\t\t\t\t\t\t\t\t\t\t<th class=\"default-col\">\r\n\t\t\t\t\t\t\t\tO\u00f9 les trouver \t\t\t\t\t\t\t<\/th>\r\n\t\t\t\t\t\t\t\t\t\t\t\t\t<th class=\"default-col\">\r\n\t\t\t\t\t\t\t\tDur\u00e9e de la recharge*\t\t\t\t\t\t\t<\/th>\r\n\t\t\t\t\t\t\t\t\t\t\t\t\t<th class=\"default-col\">\r\n\t\t\t\t\t\t\t\tGain d'autonomie par heure**\t\t\t\t\t\t\t<\/th>\r\n\t\t\t\t\t\t\t\t\t\t\t<\/tr>\r\n\t\t\t\t<\/thead>\r\n\t\t\t\t\t\t\t\t\t\t\t\t<tr class=\"default-row\">\r\n\t\t\t\t\t\t\t\t\t\t\t<td class=\"desc-col\">\r\n\t\t\t\t\t\t\tPrise de courant\t\t\t\t\t\t<\/td>\r\n\t\t\t\t\t\t\t\t\t\t\t<td class=\"default-col\">\r\n\t\t\t\t\t\t\tDomicile\t\t\t\t\t\t<\/td>\r\n\t\t\t\t\t\t\t\t\t\t\t<td class=\"default-col\">\r\n\t\t\t\t\t\t\t31h10\t\t\t\t\t\t<\/td>\r\n\t\t\t\t\t\t\t\t\t\t\t<td class=\"default-col\">\r\n\t\t\t\t\t\t\t14 km\/h\t\t\t\t\t\t<\/td>\r\n\t\t\t\t\t\t\t\t\t<\/tr>\r\n\t\t\t\t\t\t\t\t\t\t\t\t<tr class=\"default-row\">\r\n\t\t\t\t\t\t\t\t\t\t\t<td class=\"desc-col\">\r\n\t\t\t\t\t\t\tBorne 3,7 kW\t\t\t\t\t\t<\/td>\r\n\t\t\t\t\t\t\t\t\t\t\t<td class=\"default-col\">\r\n\t\t\t\t\t\t\tDomicile \/ Travail\t\t\t\t\t\t<\/td>\r\n\t\t\t\t\t\t\t\t\t\t\t<td class=\"default-col\">\r\n\t\t\t\t\t\t\t15h07\t\t\t\t\t\t<\/td>\r\n\t\t\t\t\t\t\t\t\t\t\t<td class=\"default-col\">\r\n\t\t\t\t\t\t\t23 km\/h\t\t\t\t\t\t<\/td>\r\n\t\t\t\t\t\t\t\t\t<\/tr>\r\n\t\t\t\t\t\t\t\t\t\t\t\t<tr class=\"default-row\">\r\n\t\t\t\t\t\t\t\t\t\t\t<td class=\"desc-col\">\r\n\t\t\t\t\t\t\tBorne 7,4 kW\t\t\t\t\t\t<\/td>\r\n\t\t\t\t\t\t\t\t\t\t\t<td class=\"default-col\">\r\n\t\t\t\t\t\t\tDomicile \/ Travail \/ Bornes Publiques\t\t\t\t\t\t<\/td>\r\n\t\t\t\t\t\t\t\t\t\t\t<td class=\"default-col\">\r\n\t\t\t\t\t\t\t07h33\t\t\t\t\t\t<\/td>\r\n\t\t\t\t\t\t\t\t\t\t\t<td class=\"default-col\">\r\n\t\t\t\t\t\t\t46 km\/h\t\t\t\t\t\t<\/td>\r\n\t\t\t\t\t\t\t\t\t<\/tr>\r\n\t\t\t\t\t\t\t\t\t\t\t\t<tr class=\"default-row\">\r\n\t\t\t\t\t\t\t\t\t\t\t<td class=\"desc-col\">\r\n\t\t\t\t\t\t\tBorne 11 kW\t\t\t\t\t\t<\/td>\r\n\t\t\t\t\t\t\t\t\t\t\t<td class=\"default-col\">\r\n\t\t\t\t\t\t\tTravail \/ Bornes Publiques\t\t\t\t\t\t<\/td>\r\n\t\t\t\t\t\t\t\t\t\t\t<td class=\"default-col\">\r\n\t\t\t\t\t\t\t05h04\t\t\t\t\t\t<\/td>\r\n\t\t\t\t\t\t\t\t\t\t\t<td class=\"default-col\">\r\n\t\t\t\t\t\t\t69 km\/h\t\t\t\t\t\t<\/td>\r\n\t\t\t\t\t\t\t\t\t<\/tr>\r\n\t\t\t\t\t\t\t\t\t\t\t\t<tr class=\"default-row\">\r\n\t\t\t\t\t\t\t\t\t\t\t<td class=\"desc-col\">\r\n\t\t\t\t\t\t\tBorne 22 kW***\t\t\t\t\t\t<\/td>\r\n\t\t\t\t\t\t\t\t\t\t\t<td class=\"default-col\">\r\n\t\t\t\t\t\t\tTravail \/ Bornes Publiques\t\t\t\t\t\t<\/td>\r\n\t\t\t\t\t\t\t\t\t\t\t<td class=\"default-col\">\r\n\t\t\t\t\t\t\t05h04\t\t\t\t\t\t<\/td>\r\n\t\t\t\t\t\t\t\t\t\t\t<td class=\"default-col\">\r\n\t\t\t\t\t\t\t69 km\/h\t\t\t\t\t\t<\/td>\r\n\t\t\t\t\t\t\t\t\t<\/tr>\r\n\t\t\t\t\t\t<\/table>\r\n<\/div>\r\n\r\n<div class=\"sh-empty-space\" id=\"empty-space-8ef28f519b1283e2c10cde999b6f05c7\"><\/div>\r\n\r\n<div id=\"text-block-5268a885c64276f1db04e3cc80222c18\" class=\"sh-text-block\">\r\n\t<p>*Estimations ChargeGuru pour une consommation de 16 kWh\/100 km. Le temps de charge diff\u00e8re selon la temp\u00e9rature ambiante, le niveau de batterie et les variations de la puissance de recharge de chaque borne. La puissance maximale de recharge peut \u00eatre limit\u00e9e par le v\u00e9hicule.\u00a0 \u00a0 \u00a0 \u00a0 **Le gain d'autonomie par heure est le nombre de kilom\u00e8tres th\u00e9orique que le v\u00e9hicule r\u00e9cup\u00e8re en une heure selon la puissance de recharge.\u00a0 \u00a0 \u00a0 \u00a0 ***Le chargeur embarqu\u00e9 de la C4 \u00e9lectrique a une puissance de 11 kW. Si la voiture est branch\u00e9e \u00e0 une borne 22 kW, la voiture rechargera \u00e0 11 kW.<\/p><\/div>\r\n\r\n<div id=\"text-block-ad52b6c7d4ebc9cc76b7391b50438a5f\" class=\"sh-text-block\">\r\n\t<p><strong> Voici la dur\u00e9e de la recharge rapide de votre C4 \u00e9lectrique de 20 \u00e0 80% :<\/strong><\/p><\/div>\r\n\r\n<div class=\"sh-table-element sh-table-element-style2 fw-table\" id=\"table-ea5b4be602219ef1a5676299de84d658\">\r\n\t<table>\r\n\t\t\t\t\t\t\t\t\t<thead>\r\n\t\t\t\t\t<tr class=\"heading-row\">\r\n\t\t\t\t\t\t\t\t\t\t\t\t\t<th class=\"desc-col\">\r\n\t\t\t\t\t\t\t\tType de borne\t\t\t\t\t\t\t<\/th>\r\n\t\t\t\t\t\t\t\t\t\t\t\t\t<th class=\"default-col\">\r\n\t\t\t\t\t\t\t\tO\u00f9 les trouver\t\t\t\t\t\t\t<\/th>\r\n\t\t\t\t\t\t\t\t\t\t\t\t\t<th class=\"default-col\">\r\n\t\t\t\t\t\t\t\tDur\u00e9e de la recharge*\t\t\t\t\t\t\t<\/th>\r\n\t\t\t\t\t\t\t\t\t\t\t<\/tr>\r\n\t\t\t\t<\/thead>\r\n\t\t\t\t\t\t\t\t\t\t\t\t<tr class=\"default-row\">\r\n\t\t\t\t\t\t\t\t\t\t\t<td class=\"desc-col\">\r\n\t\t\t\t\t\t\tBorne DC 50 kW\t\t\t\t\t\t<\/td>\r\n\t\t\t\t\t\t\t\t\t\t\t<td class=\"default-col\">\r\n\t\t\t\t\t\t\tBornes Publiques\t\t\t\t\t\t<\/td>\r\n\t\t\t\t\t\t\t\t\t\t\t<td class=\"default-col\">\r\n\t\t\t\t\t\t\t41 minutes\t\t\t\t\t\t<\/td>\r\n\t\t\t\t\t\t\t\t\t<\/tr>\r\n\t\t\t\t\t\t\t\t\t\t\t\t<tr class=\"default-row\">\r\n\t\t\t\t\t\t\t\t\t\t\t<td class=\"desc-col\">\r\n\t\t\t\t\t\t\tBorne DC 150 kW\t\t\t\t\t\t<\/td>\r\n\t\t\t\t\t\t\t\t\t\t\t<td class=\"default-col\">\r\n\t\t\t\t\t\t\tBornes Publiques\t\t\t\t\t\t<\/td>\r\n\t\t\t\t\t\t\t\t\t\t\t<td class=\"default-col\">\r\n\t\t\t\t\t\t\t24 minutes\t\t\t\t\t\t<\/td>\r\n\t\t\t\t\t\t\t\t\t<\/tr>\r\n\t\t\t\t\t\t<\/table>\r\n<\/div>\r\n\r\n<div id=\"text-block-013bff39b022f2b5332f89db9f471818\" class=\"sh-text-block\">\r\n\t<p>*Estimations ChargeGuru pour une consommation de 16 kWh\/h. Le temps de charge diff\u00e8re selon la temp\u00e9rature ambiante, le niveau de batterie et les variations de la puissance de recharge de chaque borne. La puissance maximale de recharge peut \u00eatre limit\u00e9e par le v\u00e9hicule.<\/p><\/div>\r\n\t<\/div>\r\n\r\n\r\n\t\t\r\n\r\n<\/div>\r\n<\/div>\n\n<div class=\"fw-row\">\n\t\r\n<div class=\"sh-column sh-column-321dec6398addf2f3fe06738ec8d7eb0 fw-col-xs-12\" >\r\n\r\n\t\r\n\t<div class=\"sh-column-wrapper\">\r\n\t\t\r\n<div class=\"sh-empty-space\" id=\"empty-space-ad681f96838a0d0250c7ce37137d1432\"><\/div>\r\n\t<\/div>\r\n\r\n\r\n\t\t\r\n\r\n<\/div>\r\n<\/div>\n\n<div class=\"fw-row\">\n\t\r\n<div class=\"sh-column sh-column-bba58ae6822b394a6fe4587b26ffadf3 fw-col-xs-12\" >\r\n\r\n\t\r\n\t<div class=\"sh-column-wrapper\">\r\n\t\t\r\n<div class=\"sh-heading  \" id=\"heading-f8b5d50a96ef17c986de30e5f3fc254b\">\r\n\t<div class=\"sh-element-margin\">\r\n\r\n\t\t\r\n\t\t\t<h3 class=\"sh-heading-content size-m text-left\">\r\n\t\t\t\tPRISES ET PUISSANCE DE RECHARGE\t\t\t<\/h3>\r\n\r\n\t\t\r\n\t<\/div>\r\n<\/div>\r\n\r\n<div id=\"text-block-2b37c043f5a38afed96bbca890b542af\" class=\"sh-text-block\">\r\n\t<p>Il existe plusieurs types de prises en France, lesquelles ce v\u00e9hicule int\u00e8gre-t-il ? Vous pouvez recharger votre e-C4 \u00e0 l'aide d'une prise T2. Il existe \u00e9galement une prise CCS destin\u00e9e \u00e0 la recharge rapide.<\/p><\/div>\r\n\r\n<div class=\"sh-table-element sh-table-element-style2 fw-table\" id=\"table-e9e4bcc9127b4e06bb405e718e782f0a\">\r\n\t<table>\r\n\t\t\t\t\t\t\t\t\t<thead>\r\n\t\t\t\t\t<tr class=\"heading-row\">\r\n\t\t\t\t\t\t\t\t\t\t\t\t\t<th class=\"desc-col\">\r\n\t\t\t\t\t\t\t\tPrise\t\t\t\t\t\t\t<\/th>\r\n\t\t\t\t\t\t\t\t\t\t\t\t\t<th class=\"default-col\">\r\n\t\t\t\t\t\t\t\tPuissance de recharge maximum accept\u00e9e\t\t\t\t\t\t\t<\/th>\r\n\t\t\t\t\t\t\t\t\t\t\t\t\t<th class=\"default-col\">\r\n\t\t\t\t\t\t\t\tLocalisation du connecteur \t\t\t\t\t\t\t<\/th>\r\n\t\t\t\t\t\t\t\t\t\t\t<\/tr>\r\n\t\t\t\t<\/thead>\r\n\t\t\t\t\t\t\t\t\t\t\t\t<tr class=\"default-row\">\r\n\t\t\t\t\t\t\t\t\t\t\t<td class=\"desc-col\">\r\n\t\t\t\t\t\t\tPrise de type 2\t\t\t\t\t\t<\/td>\r\n\t\t\t\t\t\t\t\t\t\t\t<td class=\"default-col\">\r\n\t\t\t\t\t\t\tAC : 11kW\t\t\t\t\t\t<\/td>\r\n\t\t\t\t\t\t\t\t\t\t\t<td class=\"default-col\">\r\n\t\t\t\t\t\t\tArri\u00e8re gauche du v\u00e9hicule\t\t\t\t\t\t<\/td>\r\n\t\t\t\t\t\t\t\t\t<\/tr>\r\n\t\t\t\t\t\t\t\t\t\t\t\t<tr class=\"default-row\">\r\n\t\t\t\t\t\t\t\t\t\t\t<td class=\"desc-col\">\r\n\t\t\t\t\t\t\tPrise CCS\t\t\t\t\t\t<\/td>\r\n\t\t\t\t\t\t\t\t\t\t\t<td class=\"default-col\">\r\n\t\t\t\t\t\t\tDC : 100 kW\t\t\t\t\t\t<\/td>\r\n\t\t\t\t\t\t\t\t\t\t\t<td class=\"default-col\">\r\n\t\t\t\t\t\t\tArri\u00e8re gauche du v\u00e9hicule\t\t\t\t\t\t<\/td>\r\n\t\t\t\t\t\t\t\t\t<\/tr>\r\n\t\t\t\t\t\t<\/table>\r\n<\/div>\r\n\t<\/div>\r\n\r\n\r\n\t\t\r\n\r\n<\/div>\r\n<\/div>\n\n<div class=\"fw-row\">\n\t\r\n<div class=\"sh-column sh-column-321dec6398addf2f3fe06738ec8d7eb0 fw-col-xs-12\" >\r\n\r\n\t\r\n\t<div class=\"sh-column-wrapper\">\r\n\t\t\r\n<div class=\"sh-empty-space\" id=\"empty-space-95480e660a92e0970b3ce080a01775b1\"><\/div>\r\n\t<\/div>\r\n\r\n\r\n\t\t\r\n\r\n<\/div>\r\n<\/div>\n\n<div class=\"fw-row\">\n\t\r\n<div class=\"sh-column sh-column-e567a2d92f29492828b41ebae862984f fw-col-xs-12\" >\r\n\r\n\t\r\n\t<div class=\"sh-column-wrapper\">\r\n\t\t\r\n<div class=\"sh-heading  \" id=\"heading-e7617400fe46c5a2592c87611f5271ca\">\r\n\t<div class=\"sh-element-margin\">\r\n\r\n\t\t\r\n\t\t\t<h3 class=\"sh-heading-content size-m text-left\">\r\n\t\t\t\tCO\u00dbT DE LA RECHARGE\t\t\t<\/h3>\r\n\r\n\t\t\r\n\t<\/div>\r\n<\/div>\r\n\r\n<div id=\"text-block-31118bf117b1bb6fb101b8997e3be3f4\" class=\"sh-text-block\">\r\n\t<p>Le co\u00fbt de la recharge d\u00e9pend de plusieurs facteurs : il ne sera pas le m\u00eame selon votre lieu de recharge (domicile \/ borne publique), mais d\u00e9pendra \u00e9galement du prix du kWh. Voici nos estimations pour une C4 \u00e9lectrique et une consommation estim\u00e9e \u00e0 16 kWh\/100 km :<\/p><\/div>\r\n\r\n<div class=\"sh-table-element sh-table-element-style2 fw-table\" id=\"table-9f01e1d8bcffbad1212f975893b46705\">\r\n\t<table>\r\n\t\t\t\t\t\t\t\t\t<thead>\r\n\t\t\t\t\t<tr class=\"heading-row\">\r\n\t\t\t\t\t\t\t\t\t\t\t\t\t<th class=\"desc-col\">\r\n\t\t\t\t\t\t\t\tLieu de recharge\t\t\t\t\t\t\t<\/th>\r\n\t\t\t\t\t\t\t\t\t\t\t\t\t<th class=\"default-col\">\r\n\t\t\t\t\t\t\t\tCo\u00fbt de la recharge\t\t\t\t\t\t\t<\/th>\r\n\t\t\t\t\t\t\t\t\t\t\t\t\t<th class=\"default-col\">\r\n\t\t\t\t\t\t\t\tCo\u00fbt pour 100 kilom\u00e8tres\t\t\t\t\t\t\t<\/th>\r\n\t\t\t\t\t\t\t\t\t\t\t\t\t<th class=\"default-col\">\r\n\t\t\t\t\t\t\t\tCo\u00fbt par kilom\u00e8tre\t\t\t\t\t\t\t<\/th>\r\n\t\t\t\t\t\t\t\t\t\t\t<\/tr>\r\n\t\t\t\t<\/thead>\r\n\t\t\t\t\t\t\t\t\t\t\t\t<tr class=\"default-row\">\r\n\t\t\t\t\t\t\t\t\t\t\t<td class=\"desc-col\">\r\n\t\t\t\t\t\t\t\u00c0 domicile (de 0 \u00e0 100%)*\t\t\t\t\t\t<\/td>\r\n\t\t\t\t\t\t\t\t\t\t\t<td class=\"default-col\">\r\n\t\t\t\t\t\t\t13,94 \u20ac\t\t\t\t\t\t<\/td>\r\n\t\t\t\t\t\t\t\t\t\t\t<td class=\"default-col\">\r\n\t\t\t\t\t\t\t3,06 \u20ac\t\t\t\t\t\t<\/td>\r\n\t\t\t\t\t\t\t\t\t\t\t<td class=\"default-col\">\r\n\t\t\t\t\t\t\t0,03\u20ac\t\t\t\t\t\t<\/td>\r\n\t\t\t\t\t\t\t\t\t<\/tr>\r\n\t\t\t\t\t\t\t\t\t\t\t\t<tr class=\"default-row\">\r\n\t\t\t\t\t\t\t\t\t\t\t<td class=\"desc-col\">\r\n\t\t\t\t\t\t\tSur une borne rapide (de 20 \u00e0 80%)**\t\t\t\t\t\t<\/td>\r\n\t\t\t\t\t\t\t\t\t\t\t<td class=\"default-col\">\r\n\t\t\t\t\t\t\t33,94 \u20ac\t\t\t\t\t\t<\/td>\r\n\t\t\t\t\t\t\t\t\t\t\t<td class=\"default-col\">\r\n\t\t\t\t\t\t\t12,42 \u20ac\t\t\t\t\t\t<\/td>\r\n\t\t\t\t\t\t\t\t\t\t\t<td class=\"default-col\">\r\n\t\t\t\t\t\t\t0,12 \u20ac\t\t\t\t\t\t<\/td>\r\n\t\t\t\t\t\t\t\t\t<\/tr>\r\n\t\t\t\t\t\t\t\t\t\t\t\t<tr class=\"default-row\">\r\n\t\t\t\t\t\t\t\t\t\t\t<td class=\"desc-col\">\r\n\t\t\t\t\t\t\tSupercharger (de 20 \u00e0 80%)***\t\t\t\t\t\t<\/td>\r\n\t\t\t\t\t\t\t\t\t\t\t<td class=\"default-col\">\r\n\t\t\t\t\t\t\t22,63 \u20ac\t\t\t\t\t\t<\/td>\r\n\t\t\t\t\t\t\t\t\t\t\t<td class=\"default-col\">\r\n\t\t\t\t\t\t\t8,28 \u20ac\t\t\t\t\t\t<\/td>\r\n\t\t\t\t\t\t\t\t\t\t\t<td class=\"default-col\">\r\n\t\t\t\t\t\t\t0,08 \u20ac\t\t\t\t\t\t<\/td>\r\n\t\t\t\t\t\t\t\t\t<\/tr>\r\n\t\t\t\t\t\t<\/table>\r\n<\/div>\r\n\r\n<div id=\"text-block-124d3489525ac60f827486c70dfc62f3\" class=\"sh-text-block\">\r\n\t<p>*Sur la base d'un prix de 0,17 \u20ac\/kWh\u00a0 \u00a0 \u00a0 \u00a0 \u00a0**Sur la base d'un prix de 0,69 \u20ac\/kWh (tarif du r\u00e9seau Ionity)<\/p><\/div>\r\n\t<\/div>\r\n\r\n\r\n\t\t\r\n\r\n<\/div>\r\n<\/div>\n\n<div class=\"fw-row\">\n\t\r\n<div class=\"sh-column sh-column-321dec6398addf2f3fe06738ec8d7eb0 fw-col-xs-12\" >\r\n\r\n\t\r\n\t<div class=\"sh-column-wrapper\">\r\n\t\t\r\n<div class=\"sh-empty-space\" id=\"empty-space-a0d549de08861082de5791a01560cfa9\"><\/div>\r\n\t<\/div>\r\n\r\n\r\n\t\t\r\n\r\n<\/div>\r\n<\/div>\n\n\t<\/div>\r\n<\/section>\r\n\r\n<section class=\"sh-section sh-section-df32afa40cd6685b0a08a53fb7bce824 fw-main-row sh-section-visibility-everywhere\">\r\n\t\r\n\t\r\n\t<div class=\"sh-section-container container\">\r\n\t\t<div class=\"fw-row\">\n\t\r\n<div class=\"sh-column sh-column-1302201378216a481d3be7533224bddf fw-col-xs-12\" >\r\n\r\n\t\r\n\t<div class=\"sh-column-wrapper\">\r\n\t\t\r\n\r\n\t<div class=\"sh-heading sh-heading-style1\" id=\"heading-4240e96e344e0e0b669313ba2db4623c\">\r\n\t\t<h2 class=\"sh-heading-content size-l\">\r\n\t\t\t<span>CARACT\u00c9RISTIQUES TECHNIQUES<\/span>\t\t<\/h2>\r\n\t<\/div>\r\n\r\n\r\n<div id=\"divider-6831e40b9a79ecb45684a22687d9d793\" class=\"sh-divider sh-divider-center sh-divider-content-none\">\r\n\t\t\t<div class=\"sh-divider-line\"><\/div>\r\n\t<\/div>\r\n\t<\/div>\r\n\r\n\r\n\t\t\r\n\r\n<\/div>\r\n<\/div>\n\n<div class=\"fw-row\">\n\t\r\n<div class=\"sh-column sh-column-0f07fb78b7ade1427d35ed9d0f91c85e fw-col-xs-12\" >\r\n\r\n\t\r\n\t<div class=\"sh-column-wrapper\">\r\n\t\t\r\n<div class=\"sh-heading  \" id=\"heading-1ad9ef04a3d68e4a096f515306d6184a\">\r\n\t<div class=\"sh-element-margin\">\r\n\r\n\t\t\r\n\t\t\t<h3 class=\"sh-heading-content size-m text-left\">\r\n\t\t\t\tAUTONOMIE\t\t\t<\/h3>\r\n\r\n\t\t\r\n\t<\/div>\r\n<\/div>\r\n\r\n<div id=\"text-block-33f65758f4216e9e2f05a576a0c1cce4\" class=\"sh-text-block\">\r\n\t<p>Les estimations ci-dessous suivent le protocole <strong>WLTP<\/strong> (voir notre <a href=\"https:\/\/chargeguru.com\/fr\/fiches-pratiques\/2020\/09\/03\/wallbox-borne-de-recharge-chargeur-vocabulaire-de-la-mobilite-electrique\/\">lexique ici<\/a>). L'autonomie r\u00e9elle d\u00e9pendra de divers facteurs, notamment des conditions et du style de conduite, de la temp\u00e9rature ext\u00e9rieure, du chauffage\/de la climatisation et autres. Voici l'autonomie de la C4 \u00e9lectrique :<\/p><\/div>\r\n\t<\/div>\r\n\r\n\r\n\t\t\r\n\r\n<\/div>\r\n<\/div>\n\n<div class=\"fw-row\">\n\t\r\n<div class=\"sh-column sh-column-911dc96e2f66e913aac5b64dbda78cd4 fw-col-xs-12 fw-col-sm-8\" >\r\n\r\n\t\r\n\t<div class=\"sh-column-wrapper\">\r\n\t\t\r\n<div class=\"sh-table-element sh-table-element-style2 fw-table\" id=\"table-5c5ede6686a67679b648367f2a54fb87\">\r\n\t<table>\r\n\t\t\t\t\t\t\t\t\t<thead>\r\n\t\t\t\t\t<tr class=\"heading-row\">\r\n\t\t\t\t\t\t\t\t\t\t\t\t\t<th class=\"desc-col\">\r\n\t\t\t\t\t\t\t\tVersion\t\t\t\t\t\t\t<\/th>\r\n\t\t\t\t\t\t\t\t\t\t\t\t\t<th class=\"default-col\">\r\n\t\t\t\t\t\t\t\tLive\t\t\t\t\t\t\t<\/th>\r\n\t\t\t\t\t\t\t\t\t\t\t\t\t<th class=\"default-col\">\r\n\t\t\t\t\t\t\t\tFeel\t\t\t\t\t\t\t<\/th>\r\n\t\t\t\t\t\t\t\t\t\t\t\t\t<th class=\"default-col\">\r\n\t\t\t\t\t\t\t\tC-series\t\t\t\t\t\t\t<\/th>\r\n\t\t\t\t\t\t\t\t\t\t\t\t\t<th class=\"default-col\">\r\n\t\t\t\t\t\t\t\tShine\t\t\t\t\t\t\t<\/th>\r\n\t\t\t\t\t\t\t\t\t\t\t<\/tr>\r\n\t\t\t\t<\/thead>\r\n\t\t\t\t\t\t\t\t\t\t\t\t<tr class=\"default-row\">\r\n\t\t\t\t\t\t\t\t\t\t\t<td class=\"desc-col\">\r\n\t\t\t\t\t\t\tAutonomie\t\t\t\t\t\t<\/td>\r\n\t\t\t\t\t\t\t\t\t\t\t<td class=\"default-col\">\r\n\t\t\t\t\t\t\t343 km\t\t\t\t\t\t<\/td>\r\n\t\t\t\t\t\t\t\t\t\t\t<td class=\"default-col\">\r\n\t\t\t\t\t\t\t354 km\t\t\t\t\t\t<\/td>\r\n\t\t\t\t\t\t\t\t\t\t\t<td class=\"default-col\">\r\n\t\t\t\t\t\t\t354 km\t\t\t\t\t\t<\/td>\r\n\t\t\t\t\t\t\t\t\t\t\t<td class=\"default-col\">\r\n\t\t\t\t\t\t\t352 km\t\t\t\t\t\t<\/td>\r\n\t\t\t\t\t\t\t\t\t<\/tr>\r\n\t\t\t\t\t\t<\/table>\r\n<\/div>\r\n\t<\/div>\r\n\r\n\r\n\t\t\r\n\r\n<\/div>\r\n<\/div>\n\n<div class=\"fw-row\">\n\t\r\n<div class=\"sh-column sh-column-384e45c9dea36711365d87c47700dc3f fw-col-xs-12\" >\r\n\r\n\t\r\n\t<div class=\"sh-column-wrapper\">\r\n\t\t\r\n<div class=\"sh-heading  \" id=\"heading-9d604f8f45927cff28636bf07d5521c7\">\r\n\t<div class=\"sh-element-margin\">\r\n\r\n\t\t\r\n\t\t\t<h3 class=\"sh-heading-content size-m text-left\">\r\n\t\t\t\tPERFORMANCES\t\t\t<\/h3>\r\n\r\n\t\t\r\n\t<\/div>\r\n<\/div>\r\n\r\n<div id=\"text-block-80db6bad076f7602f967628b5efdc6fc\" class=\"sh-text-block\">\r\n\t<p>Les caract\u00e9ristiques techniques du C4 \u00e9lectrique ont \u00e9t\u00e9 regroup\u00e9es dans le tableau ci-dessous. D\u00e9couvrez la puissance du moteur du C4 \u00e9lectrique en kW et en chevaux :<\/p><\/div>\r\n\t<\/div>\r\n\r\n\r\n\t\t\r\n\r\n<\/div>\r\n<\/div>\n\n<div class=\"fw-row\">\n\t\r\n<div class=\"sh-column sh-column-99c96cb7e97d4f98d8511b67a9dd31c7 fw-col-xs-12 fw-col-sm-8\" >\r\n\r\n\t\r\n\t<div class=\"sh-column-wrapper\">\r\n\t\t\r\n<div class=\"sh-table-element sh-table-element-style2 fw-table\" id=\"table-f8971b27893226aa4758f3e8520f7267\">\r\n\t<table>\r\n\t\t\t\t\t\t\t\t\t<thead>\r\n\t\t\t\t\t<tr class=\"heading-row\">\r\n\t\t\t\t\t\t\t\t\t\t\t\t\t<th class=\"desc-col\">\r\n\t\t\t\t\t\t\t\tV\u00e9hicule\t\t\t\t\t\t\t<\/th>\r\n\t\t\t\t\t\t\t\t\t\t\t\t\t<th class=\"default-col\">\r\n\t\t\t\t\t\t\t\tC4 \u00e9lectrique\t\t\t\t\t\t\t<\/th>\r\n\t\t\t\t\t\t\t\t\t\t\t<\/tr>\r\n\t\t\t\t<\/thead>\r\n\t\t\t\t\t\t\t\t\t\t\t\t<tr class=\"default-row\">\r\n\t\t\t\t\t\t\t\t\t\t\t<td class=\"desc-col\">\r\n\t\t\t\t\t\t\t0-100 km\/h\r\n\t\t\t\t\t\t<\/td>\r\n\t\t\t\t\t\t\t\t\t\t\t<td class=\"default-col\">\r\n\t\t\t\t\t\t\t10 secondes\t\t\t\t\t\t<\/td>\r\n\t\t\t\t\t\t\t\t\t<\/tr>\r\n\t\t\t\t\t\t\t\t\t\t\t\t<tr class=\"default-row\">\r\n\t\t\t\t\t\t\t\t\t\t\t<td class=\"desc-col\">\r\n\t\t\t\t\t\t\tVitesse maximum\t\t\t\t\t\t<\/td>\r\n\t\t\t\t\t\t\t\t\t\t\t<td class=\"default-col\">\r\n\t\t\t\t\t\t\t150 km\/h\t\t\t\t\t\t<\/td>\r\n\t\t\t\t\t\t\t\t\t<\/tr>\r\n\t\t\t\t\t\t\t\t\t\t\t\t<tr class=\"default-row\">\r\n\t\t\t\t\t\t\t\t\t\t\t<td class=\"desc-col\">\r\n\t\t\t\t\t\t\tPuissance du moteur\t\t\t\t\t\t<\/td>\r\n\t\t\t\t\t\t\t\t\t\t\t<td class=\"default-col\">\r\n\t\t\t\t\t\t\t100 kW \/\/ 136 ch\t\t\t\t\t\t<\/td>\r\n\t\t\t\t\t\t\t\t\t<\/tr>\r\n\t\t\t\t\t\t\t\t\t\t\t\t<tr class=\"default-row\">\r\n\t\t\t\t\t\t\t\t\t\t\t<td class=\"desc-col\">\r\n\t\t\t\t\t\t\tCouple\t\t\t\t\t\t<\/td>\r\n\t\t\t\t\t\t\t\t\t\t\t<td class=\"default-col\">\r\n\t\t\t\t\t\t\t260 nm\t\t\t\t\t\t<\/td>\r\n\t\t\t\t\t\t\t\t\t<\/tr>\r\n\t\t\t\t\t\t<\/table>\r\n<\/div>\r\n\t<\/div>\r\n\r\n\r\n\t\t\r\n\r\n<\/div>\r\n<\/div>\n\n<div class=\"fw-row\">\n\t\r\n<div class=\"sh-column sh-column-edbd4ac706ffd26ca2087b2452ac1e6b fw-col-xs-12\" >\r\n\r\n\t\r\n\t<div class=\"sh-column-wrapper\">\r\n\t\t\r\n<div class=\"sh-heading  \" id=\"heading-ea8f152baae4b691029923a98e03597e\">\r\n\t<div class=\"sh-element-margin\">\r\n\r\n\t\t\r\n\t\t\t<h3 class=\"sh-heading-content size-m text-left\">\r\n\t\t\t\tBATTERIE\t\t\t<\/h3>\r\n\r\n\t\t\r\n\t<\/div>\r\n<\/div>\r\n\r\n<div id=\"text-block-05bcdcdb914d20c63e95ef9fd33cc833\" class=\"sh-text-block\">\r\n\t<p>Nous vous pr\u00e9sentons ici la batterie du e-C4, selon sa version. Les estimations ci-dessous suivent le protocole <strong>WLTP<\/strong> (voir notre <a href=\"https:\/\/chargeguru.com\/fr\/fiches-pratiques\/2020\/09\/03\/wallbox-borne-de-recharge-chargeur-vocabulaire-de-la-mobilite-electrique\/\">lexique ici<\/a>). Voici les caract\u00e9ristiques de la batterie du e-C4 :<\/p><\/div>\r\n\t<\/div>\r\n\r\n\r\n\t\t\r\n\r\n<\/div>\r\n<\/div>\n\n<div class=\"fw-row\">\n\t\r\n<div class=\"sh-column sh-column-5a1d8a7f872cb58df49ea0b1dfc20adb fw-col-xs-12 fw-col-sm-8\" >\r\n\r\n\t\r\n\t<div class=\"sh-column-wrapper\">\r\n\t\t\r\n<div class=\"sh-table-element sh-table-element-style2 fw-table\" id=\"table-85dbc43dc4d8cf4d9a225adb8952ddb2\">\r\n\t<table>\r\n\t\t\t\t\t\t\t\t\t<thead>\r\n\t\t\t\t\t<tr class=\"heading-row\">\r\n\t\t\t\t\t\t\t\t\t\t\t\t\t<th class=\"desc-col\">\r\n\t\t\t\t\t\t\t\tV\u00e9hicule\t\t\t\t\t\t\t<\/th>\r\n\t\t\t\t\t\t\t\t\t\t\t\t\t<th class=\"default-col\">\r\n\t\t\t\t\t\t\t\tC4 \u00e9lectrique\t\t\t\t\t\t\t<\/th>\r\n\t\t\t\t\t\t\t\t\t\t\t<\/tr>\r\n\t\t\t\t<\/thead>\r\n\t\t\t\t\t\t\t\t\t\t\t\t<tr class=\"default-row\">\r\n\t\t\t\t\t\t\t\t\t\t\t<td class=\"desc-col\">\r\n\t\t\t\t\t\t\tBatterie nominale\t\t\t\t\t\t<\/td>\r\n\t\t\t\t\t\t\t\t\t\t\t<td class=\"default-col\">\r\n\t\t\t\t\t\t\t50 kWh\t\t\t\t\t\t<\/td>\r\n\t\t\t\t\t\t\t\t\t<\/tr>\r\n\t\t\t\t\t\t\t\t\t\t\t\t<tr class=\"default-row\">\r\n\t\t\t\t\t\t\t\t\t\t\t<td class=\"desc-col\">\r\n\t\t\t\t\t\t\tBatterie utile\t\t\t\t\t\t<\/td>\r\n\t\t\t\t\t\t\t\t\t\t\t<td class=\"default-col\">\r\n\t\t\t\t\t\t\t47,5 kWh\t\t\t\t\t\t<\/td>\r\n\t\t\t\t\t\t\t\t\t<\/tr>\r\n\t\t\t\t\t\t\t\t\t\t\t\t<tr class=\"default-row\">\r\n\t\t\t\t\t\t\t\t\t\t\t<td class=\"desc-col\">\r\n\t\t\t\t\t\t\tEfficacit\u00e9 de la batterie\t\t\t\t\t\t<\/td>\r\n\t\t\t\t\t\t\t\t\t\t\t<td class=\"default-col\">\r\n\t\t\t\t\t\t\t155 Wh\/km\t\t\t\t\t\t<\/td>\r\n\t\t\t\t\t\t\t\t\t<\/tr>\r\n\t\t\t\t\t\t<\/table>\r\n<\/div>\r\n\t<\/div>\r\n\r\n\r\n\t\t\r\n\r\n<\/div>\r\n<\/div>\n\n<div class=\"fw-row\">\n\t\r\n<div class=\"sh-column sh-column-afe5ba16ec49bfd76a9b7a5c67114e05 fw-col-xs-12\" >\r\n\r\n\t\r\n\t<div class=\"sh-column-wrapper\">\r\n\t\t\r\n<div class=\"sh-heading  \" id=\"heading-45bbb37fecc3b5cc4dbb7a9eb77d19fd\">\r\n\t<div class=\"sh-element-margin\">\r\n\r\n\t\t\r\n\t\t\t<h3 class=\"sh-heading-content size-m text-left\">\r\n\t\t\t\tIMPACT ENVIRONNEMENTAL\t\t\t<\/h3>\r\n\r\n\t\t\r\n\t<\/div>\r\n<\/div>\r\n\r\n<div id=\"text-block-5ce34fd9dfd2ba1a71b8afc7751c9c89\" class=\"sh-text-block\">\r\n\t<p>Dans le tableau ci-dessous, vous trouverez les \u00e9missions de CO2 ainsi que la consommation moyenne de la e-C4. Voici son impact environnemental :<\/p><\/div>\r\n\t<\/div>\r\n\r\n\r\n\t\t\r\n\r\n<\/div>\r\n<\/div>\n\n<div class=\"fw-row\">\n\t\r\n<div class=\"sh-column sh-column-bf1a498a12607a48a71ff3035270557f fw-col-xs-12 fw-col-sm-8\" >\r\n\r\n\t\r\n\t<div class=\"sh-column-wrapper\">\r\n\t\t\r\n<div class=\"sh-table-element sh-table-element-style2 fw-table\" id=\"table-acbc427d670ea1d94769c869b8e4d901\">\r\n\t<table>\r\n\t\t\t\t\t\t\t\t\t<thead>\r\n\t\t\t\t\t<tr class=\"heading-row\">\r\n\t\t\t\t\t\t\t\t\t\t\t\t\t<th class=\"desc-col\">\r\n\t\t\t\t\t\t\t\tVersion\t\t\t\t\t\t\t<\/th>\r\n\t\t\t\t\t\t\t\t\t\t\t\t\t<th class=\"default-col\">\r\n\t\t\t\t\t\t\t\tLive\t\t\t\t\t\t\t<\/th>\r\n\t\t\t\t\t\t\t\t\t\t\t\t\t<th class=\"default-col\">\r\n\t\t\t\t\t\t\t\tFeel\t\t\t\t\t\t\t<\/th>\r\n\t\t\t\t\t\t\t\t\t\t\t\t\t<th class=\"default-col\">\r\n\t\t\t\t\t\t\t\tC-series\t\t\t\t\t\t\t<\/th>\r\n\t\t\t\t\t\t\t\t\t\t\t\t\t<th class=\"default-col\">\r\n\t\t\t\t\t\t\t\tShine\t\t\t\t\t\t\t<\/th>\r\n\t\t\t\t\t\t\t\t\t\t\t<\/tr>\r\n\t\t\t\t<\/thead>\r\n\t\t\t\t\t\t\t\t\t\t\t\t<tr class=\"default-row\">\r\n\t\t\t\t\t\t\t\t\t\t\t<td class=\"desc-col\">\r\n\t\t\t\t\t\t\t\u00c9missions\t\t\t\t\t\t<\/td>\r\n\t\t\t\t\t\t\t\t\t\t\t<td class=\"default-col\">\r\n\t\t\t\t\t\t\t0 gCO2\/km\t\t\t\t\t\t<\/td>\r\n\t\t\t\t\t\t\t\t\t\t\t<td class=\"default-col\">\r\n\t\t\t\t\t\t\t0 gCO2\/km\t\t\t\t\t\t<\/td>\r\n\t\t\t\t\t\t\t\t\t\t\t<td class=\"default-col\">\r\n\t\t\t\t\t\t\t0 gCO2\/km\t\t\t\t\t\t<\/td>\r\n\t\t\t\t\t\t\t\t\t\t\t<td class=\"default-col\">\r\n\t\t\t\t\t\t\t0 gCO2\/km\t\t\t\t\t\t<\/td>\r\n\t\t\t\t\t\t\t\t\t<\/tr>\r\n\t\t\t\t\t\t\t\t\t\t\t\t<tr class=\"default-row\">\r\n\t\t\t\t\t\t\t\t\t\t\t<td class=\"desc-col\">\r\n\t\t\t\t\t\t\tConsommation moyenne\t\t\t\t\t\t<\/td>\r\n\t\t\t\t\t\t\t\t\t\t\t<td class=\"default-col\">\r\n\t\t\t\t\t\t\t15,5 kWh\/100 km\t\t\t\t\t\t<\/td>\r\n\t\t\t\t\t\t\t\t\t\t\t<td class=\"default-col\">\r\n\t\t\t\t\t\t\t15,2 kWh\/100 km\t\t\t\t\t\t<\/td>\r\n\t\t\t\t\t\t\t\t\t\t\t<td class=\"default-col\">\r\n\t\t\t\t\t\t\t15,3 kWh\/100 km\t\t\t\t\t\t<\/td>\r\n\t\t\t\t\t\t\t\t\t\t\t<td class=\"default-col\">\r\n\t\t\t\t\t\t\t15,4 kWh\/100 km\t\t\t\t\t\t<\/td>\r\n\t\t\t\t\t\t\t\t\t<\/tr>\r\n\t\t\t\t\t\t<\/table>\r\n<\/div>\r\n\t<\/div>\r\n\r\n\r\n\t\t\r\n\r\n<\/div>\r\n<\/div>\n\n<div class=\"fw-row\">\n\t\r\n<div class=\"sh-column sh-column-321dec6398addf2f3fe06738ec8d7eb0 fw-col-xs-12\" >\r\n\r\n\t\r\n\t<div class=\"sh-column-wrapper\">\r\n\t\t\r\n<div class=\"sh-empty-space\" id=\"empty-space-9fc285dffd2044ade1ab0af83aff34fc\"><\/div>\r\n\t<\/div>\r\n\r\n\r\n\t\t\r\n\r\n<\/div>\r\n<\/div>\n\n\t<\/div>\r\n<\/section>\r\n\r\n<section class=\"sh-section sh-section-c3f60dbc7ed80dfc51b07aaecb8d057d fw-main-row sh-section-visibility-everywhere\">\r\n\t\r\n\t\r\n\t<div class=\"sh-section-container container\">\r\n\t\t<div class=\"fw-row\">\n\t\r\n<div class=\"sh-column sh-column-1d0ee189e1545561c74f92c810515938 fw-col-xs-12\" >\r\n\r\n\t\r\n\t<div class=\"sh-column-wrapper\">\r\n\t\t\r\n\r\n\t<div class=\"sh-heading sh-heading-style1\" id=\"heading-2b9c345eefb3b110c4b4ae7849235509\">\r\n\t\t<h2 class=\"sh-heading-content size-l\">\r\n\t\t\t<span>ACHAT<\/span>\t\t<\/h2>\r\n\t<\/div>\r\n\r\n\r\n<div id=\"divider-f609b2e8c3aab933f832f1f74faa597b\" class=\"sh-divider sh-divider-center sh-divider-content-none\">\r\n\t\t\t<div class=\"sh-divider-line\"><\/div>\r\n\t<\/div>\r\n\t<\/div>\r\n\r\n\r\n\t\t\r\n\r\n<\/div>\r\n<\/div>\n\n<div class=\"fw-row\">\n\t\r\n<div class=\"sh-column sh-column-c5d6c8d6ee079a9ee092b1a26ac9167a fw-col-xs-12\" >\r\n\r\n\t\r\n\t<div class=\"sh-column-wrapper\">\r\n\t\t\r\n<div class=\"sh-heading  \" id=\"heading-7999d790691d09c57a39b06377de2290\">\r\n\t<div class=\"sh-element-margin\">\r\n\r\n\t\t\r\n\t\t\t<h3 class=\"sh-heading-content size-m text-left\">\r\n\t\t\t\tPRIX DU C4 \u00c9LECTRIQUE\t\t\t<\/h3>\r\n\r\n\t\t\r\n\t<\/div>\r\n<\/div>\r\n\r\n<div id=\"text-block-003bd5e5e024285aaa3d65e85daf12d4\" class=\"sh-text-block\">\r\n\t<p>Selon la version qui vous int\u00e9resse, le co\u00fbt d'acquisition du v\u00e9hicule et les garanties qui l'accompagnent risquent de changer. Voici le prix de chaque version* :<\/p><\/div>\r\n\r\n<div class=\"sh-table-element sh-table-element-style2 fw-table\" id=\"table-23b1ded18805a5a2665535289192e50c\">\r\n\t<table>\r\n\t\t\t\t\t\t\t\t\t<thead>\r\n\t\t\t\t\t<tr class=\"heading-row\">\r\n\t\t\t\t\t\t\t\t\t\t\t\t\t<th class=\"desc-col\">\r\n\t\t\t\t\t\t\t\tVersion\t\t\t\t\t\t\t<\/th>\r\n\t\t\t\t\t\t\t\t\t\t\t\t\t<th class=\"default-col\">\r\n\t\t\t\t\t\t\t\tLive\t\t\t\t\t\t\t<\/th>\r\n\t\t\t\t\t\t\t\t\t\t\t\t\t<th class=\"default-col\">\r\n\t\t\t\t\t\t\t\tFeel\t\t\t\t\t\t\t<\/th>\r\n\t\t\t\t\t\t\t\t\t\t\t\t\t<th class=\"default-col\">\r\n\t\t\t\t\t\t\t\tC-series\t\t\t\t\t\t\t<\/th>\r\n\t\t\t\t\t\t\t\t\t\t\t\t\t<th class=\"default-col\">\r\n\t\t\t\t\t\t\t\tShine\t\t\t\t\t\t\t<\/th>\r\n\t\t\t\t\t\t\t\t\t\t\t<\/tr>\r\n\t\t\t\t<\/thead>\r\n\t\t\t\t\t\t\t\t\t\t\t\t<tr class=\"default-row\">\r\n\t\t\t\t\t\t\t\t\t\t\t<td class=\"desc-col\">\r\n\t\t\t\t\t\t\tCo\u00fbt d'acquisition\t\t\t\t\t\t<\/td>\r\n\t\t\t\t\t\t\t\t\t\t\t<td class=\"default-col\">\r\n\t\t\t\t\t\t\t\u00e0 partir de 37 750 \u20ac\t\t\t\t\t\t<\/td>\r\n\t\t\t\t\t\t\t\t\t\t\t<td class=\"default-col\">\r\n\t\t\t\t\t\t\t\u00e0 partir de 39 250 \u20ac\t\t\t\t\t\t<\/td>\r\n\t\t\t\t\t\t\t\t\t\t\t<td class=\"default-col\">\r\n\t\t\t\t\t\t\t\u00e0 partir de 41 100 \u20ac\t\t\t\t\t\t<\/td>\r\n\t\t\t\t\t\t\t\t\t\t\t<td class=\"default-col\">\r\n\t\t\t\t\t\t\t\u00e0 partir de 41 450 \u20ac\t\t\t\t\t\t<\/td>\r\n\t\t\t\t\t\t\t\t\t<\/tr>\r\n\t\t\t\t\t\t\t\t\t\t\t\t<tr class=\"default-row\">\r\n\t\t\t\t\t\t\t\t\t\t\t<td class=\"desc-col\">\r\n\t\t\t\t\t\t\tGarantie batterie\t\t\t\t\t\t<\/td>\r\n\t\t\t\t\t\t\t\t\t\t\t<td class=\"default-col\">\r\n\t\t\t\t\t\t\t8 ans ou 160 000 km\t\t\t\t\t\t<\/td>\r\n\t\t\t\t\t\t\t\t\t\t\t<td class=\"default-col\">\r\n\t\t\t\t\t\t\t8 ans ou 160 000 km\t\t\t\t\t\t<\/td>\r\n\t\t\t\t\t\t\t\t\t\t\t<td class=\"default-col\">\r\n\t\t\t\t\t\t\t8 ans ou 160 000 km\t\t\t\t\t\t<\/td>\r\n\t\t\t\t\t\t\t\t\t\t\t<td class=\"default-col\">\r\n\t\t\t\t\t\t\t8 ans ou 160 000 km\t\t\t\t\t\t<\/td>\r\n\t\t\t\t\t\t\t\t\t<\/tr>\r\n\t\t\t\t\t\t<\/table>\r\n<\/div>\r\n\r\n<div id=\"text-block-a4bd994c50cb88618d1fd35368cea8f3\" class=\"sh-text-block\">\r\n\t<p>*Source : Citro\u00ebn<\/p><\/div>\r\n\t<\/div>\r\n\r\n\r\n\t\t\r\n\r\n<\/div>\r\n<\/div>\n\n<div class=\"fw-row\">\n\t\r\n<div class=\"sh-column sh-column-18d3805748bd7b971275a7f4ceebad8e fw-col-xs-12\" >\r\n\r\n\t\r\n\t<div class=\"sh-column-wrapper\">\r\n\t\t\r\n<div class=\"sh-heading  \" id=\"heading-43108688257b777a50279681e01ce532\">\r\n\t<div class=\"sh-element-margin\">\r\n\r\n\t\t\r\n\t\t\t<h3 class=\"sh-heading-content size-m text-left\">\r\n\t\t\t\tSUBVENTIONS POUR L'INSTALLATION D'UNE BORNE DE RECHARGE\t\t\t<\/h3>\r\n\r\n\t\t\r\n\t<\/div>\r\n<\/div>\r\n\r\n<div id=\"text-block-0cc45c8dd7079081ab29bd127134efe2\" class=\"sh-text-block\">\r\n\t<p>Vous pouvez \u00eatre \u00e9ligible au programme ADVENIR pour subventionner <strong>l'installation d'une borne de recharge<\/strong> pour votre C4 \u00e9lectrique. Que vous soyez un particulier en copropri\u00e9t\u00e9 ou une entreprise, les montants diff\u00e8rent. Voici un r\u00e9capitulatif des montants de la prime ADVENIR :<\/p><\/div>\r\n\r\n<div class=\"sh-table-element sh-table-element-style2 fw-table\" id=\"table-947c8865bbdab3f7270c789873825d61\">\r\n\t<table>\r\n\t\t\t\t\t\t\t\t\t<thead>\r\n\t\t\t\t\t<tr class=\"heading-row\">\r\n\t\t\t\t\t\t\t\t\t\t\t\t\t<th class=\"desc-col\">\r\n\t\t\t\t\t\t\t\tLieu de recharge\t\t\t\t\t\t\t<\/th>\r\n\t\t\t\t\t\t\t\t\t\t\t\t\t<th class=\"default-col\">\r\n\t\t\t\t\t\t\t\tMontant\t\t\t\t\t\t\t<\/th>\r\n\t\t\t\t\t\t\t\t\t\t\t<\/tr>\r\n\t\t\t\t<\/thead>\r\n\t\t\t\t\t\t\t\t\t\t\t\t<tr class=\"default-row\">\r\n\t\t\t\t\t\t\t\t\t\t\t<td class=\"desc-col\">\r\n\t\t\t\t\t\t\tEn copropri\u00e9t\u00e9\t\t\t\t\t\t<\/td>\r\n\t\t\t\t\t\t\t\t\t\t\t<td class=\"default-col\">\r\n\t\t\t\t\t\t\t50% du prix de la borne, plafonn\u00e9 \u00e0 960 \u20ac par point de charge\t\t\t\t\t\t<\/td>\r\n\t\t\t\t\t\t\t\t\t<\/tr>\r\n\t\t\t\t\t\t\t\t\t\t\t\t<tr class=\"default-row\">\r\n\t\t\t\t\t\t\t\t\t\t\t<td class=\"desc-col\">\r\n\t\t\t\t\t\t\tEn entreprise (avec un parking priv\u00e9)\t\t\t\t\t\t<\/td>\r\n\t\t\t\t\t\t\t\t\t\t\t<td class=\"default-col\">\r\n\t\t\t\t\t\t\t20% du prix de la borne, plafonn\u00e9 \u00e0 600 \u20ac par point de charge\t\t\t\t\t\t<\/td>\r\n\t\t\t\t\t\t\t\t\t<\/tr>\r\n\t\t\t\t\t\t<\/table>\r\n<\/div>\r\n\r\n<div id=\"text-block-862ea8c9936f4b4a70b8e13d0545b9b7\" class=\"sh-text-block\">\r\n\t<p><a href=\"https:\/\/advenir.mobi\/primes-et-montants-daides\/\">En savoir plus sur les montants de la prime ADVENIR<\/a><\/p><\/div>\r\n\r\n<div id=\"text-block-030be7e72c43fad1d558458062ee1f40\" class=\"sh-text-block\">\r\n\t<p>En tant que particulier, vous pouvez \u00e9galement b\u00e9n\u00e9ficier du <strong>cr\u00e9dit d'imp\u00f4t<\/strong> (lire <a href=\"https:\/\/chargeguru.com\/fr\/fiches-pratiques\/2020\/11\/23\/nouveau-credit-dimpot-pour-les-bornes-de-recharge-electrique-en-2021\/\">notre article ici<\/a>) pour l'installation d'une borne de recharge jusqu'\u00e0 <strong>300 \u20ac<\/strong> et de la <strong>TVA r\u00e9duite \u00e0 5,5% <\/strong>(lire <a href=\"https:\/\/chargeguru.com\/fr\/fiches-pratiques\/2022\/07\/04\/comment-completer-lattestation-de-tva-reduite-lors-de-linstallation-dune-borne-de-recharge\/\">notre article ici<\/a>)<strong>.<\/strong><\/p><\/div>\r\n\t<\/div>\r\n\r\n\r\n\t\t\r\n\r\n<\/div>\r\n<\/div>\n\n<div class=\"fw-row\">\n\t\r\n<div class=\"sh-column sh-column-321dec6398addf2f3fe06738ec8d7eb0 fw-col-xs-12\" >\r\n\r\n\t\r\n\t<div class=\"sh-column-wrapper\">\r\n\t\t\r\n<div class=\"sh-empty-space\" id=\"empty-space-e39f0efe9cc05f031d9288ce7c987485\"><\/div>\r\n\t<\/div>\r\n\r\n\r\n\t\t\r\n\r\n<\/div>\r\n<\/div>\n\n<div class=\"fw-row\">\n\t\r\n<div class=\"sh-column sh-column-321dec6398addf2f3fe06738ec8d7eb0 fw-col-xs-12\" >\r\n\r\n\t\r\n\t<div class=\"sh-column-wrapper\">\r\n\t\t\r\n<div id=\"text-block-6d576678b3ff63f769f05e7bc6614fba\" class=\"sh-text-block\">\r\n\t<p>Vous souhaitez faire l'acquisition d'un e-C4? Contactez ChargeGuru pour obtenir un devis sur-mesure pour l'installation d'une borne de recharge :<\/p><\/div>\r\n\t<\/div>\r\n\r\n\r\n\t\t\r\n\r\n<\/div>\r\n<\/div>\n\n<div class=\"fw-row\">\n\t\r\n<div class=\"sh-column sh-column-321dec6398addf2f3fe06738ec8d7eb0 fw-col-xs-12\" >\r\n\r\n\t\r\n\t<div class=\"sh-column-wrapper\">\r\n\t\t\r\n<div class=\"sh-empty-space\" id=\"empty-space-f2fe2b85c4a4d6e2dbe1ff8da0702cef\"><\/div>\r\n\t<\/div>\r\n\r\n\r\n\t\t\r\n\r\n<\/div>\r\n<\/div>\n\n<div class=\"fw-row\">\n\t\r\n<div class=\"sh-column sh-column-321dec6398addf2f3fe06738ec8d7eb0 fw-col-xs-12\" >\r\n\r\n\t\r\n\t<div class=\"sh-column-wrapper\">\r\n\t\t\r\n<div id=\"text-block-17b85fd57ec8739a5b31ed2b21534867\" class=\"sh-text-block\">\r\n\t<p style=\"text-align: center;\"><a class=\"typeform-share guru-button\" href=\"https:\/\/chargeguru.typeform.com\/to\/SYGjwz\" target=\"_blank\" rel=\"noopener\" data-tf-transitive-search-params=\"gclid\" data-transferable-url-parameters=\"gclid\"  data-mode=\"popup\" data-hide-headers=\"true\" data-hide-footer=\"true\" data-submit-close-delay=\"3\">OBTENEZ VOTRE DEVIS <i class=\"fa-icon-chevron-right\"><\/i><\/a><\/p><\/div>\r\n\t<\/div>\r\n\r\n\r\n\t\t\r\n\r\n<\/div>\r\n<\/div>\n\n<div class=\"fw-row\">\n\t\r\n<div class=\"sh-column sh-column-321dec6398addf2f3fe06738ec8d7eb0 fw-col-xs-12\" >\r\n\r\n\t\r\n\t<div class=\"sh-column-wrapper\">\r\n\t\t\r\n<div id=\"divider-2bdcc205af7a8d90d41949e7a2cae0a7\" class=\"sh-divider sh-divider-center sh-divider-content-none\">\r\n\t\t\t<div class=\"sh-divider-line\"><\/div>\r\n\t<\/div>\r\n\t<\/div>\r\n\r\n\r\n\t\t\r\n\r\n<\/div>\r\n<\/div>\n\n\t<\/div>\r\n<\/section>\r\n\r\n<section class=\"sh-section sh-section-76398918af564206f41e21d745be6993 fw-main-row sh-section-visibility-everywhere\" id=\"temps-recharge-et-economies\">\r\n\t\r\n\t\r\n\t<div class=\"sh-section-container container\">\r\n\t\t<div class=\"fw-row\">\n\t\r\n<div class=\"sh-column sh-column-6f72bf2f127b70ef12d7a5a7d4773411 fw-col-xs-12\" >\r\n\r\n\t\r\n\t<div class=\"sh-column-wrapper\">\r\n\t\t\r\n\r\n\t<div class=\"sh-heading sh-heading-style1\" id=\"heading-98f871ee2adf152482e058765fe4aac0\">\r\n\t\t<h2 class=\"sh-heading-content size-m\">\r\n\t\t\t<span style=\"text-align: center;\">NOS SIMULATEURS<\/span>\t\t<\/h2>\r\n\t<\/div>\r\n\r\n\t<\/div>\r\n\r\n\r\n\t\t\r\n\r\n<\/div>\r\n<\/div>\n\n<div class=\"fw-row\">\n\t\r\n<div class=\"sh-column sh-column-2cf712bdd031607bb6b9539d30ab0d83 fw-col-xs-12 fw-col-sm-6 sh-column-mobile-padding sh-column-shadow sh-animated slideInLeft\" data-wow-duration=\"0.8s\">\r\n\r\n\t\r\n\t<div class=\"sh-column-wrapper\">\r\n\t\t\r\n\r\n\t<div class=\"sh-heading sh-heading-style1\" id=\"heading-303118a3995371bcdce562296f827621\">\r\n\t\t<h3 class=\"sh-heading-content size-m\">\r\n\t\t\t<div class=\"guru-tools\"><div class=\"guru-tools-image\"><img style=\"padding-right: 15px;\" src=\"https:\/\/chargeguru.com\/wp-content\/uploads\/2018\/06\/economies-recharge-vehicule-electrique.png\" alt=\"Combine d'\u00e9conomies allez-vous r\u00e9aliser avec votre v\u00e9hicule \u00e9lectrique ?\" width=\"80\" height=\"90\" \/><\/div><span>QUELLES&nbsp;\u00c9CONOMIES ?<\/span><\/div>\t\t<\/h3>\r\n\t<\/div>\r\n\r\n\r\n<div id=\"text-block-0572446a7a4a3b240c146fe206665a90\" class=\"sh-text-block guru-tools-text\">\r\n\t<p>Avec un v\u00e9hicule \u00e9lectrique, <strong>vous faites des \u00e9conomies<\/strong> au quotidien. <strong>Notre simulateur<\/strong> vous permet d'estimer le montant de ces \u00e9conomies.<\/p><p><a class=\"guru-button-small\" href=\"https:\/\/chargeguru.com\/fr-be\/economies-en-voiture-electrique\/\">Evaluez vos \u00e9conomies <i class=\"fa fa-angle-double-right\"><\/i><\/a><\/p><\/div>\r\n\t<\/div>\r\n\r\n\r\n\t\t\r\n\r\n<\/div>\r\n\r\n<div class=\"sh-column sh-column-e4f04c6883076e6dbabf7d183af4eafc fw-col-xs-12 fw-col-sm-6 sh-column-mobile-padding sh-column-shadow sh-animated slideInRight\" data-wow-duration=\"0.8s\">\r\n\r\n\t\r\n\t<div class=\"sh-column-wrapper\">\r\n\t\t\r\n\r\n\t<div class=\"sh-heading sh-heading-style1\" id=\"heading-de8ed97497957131b18b83c80b30bb78\">\r\n\t\t<h3 class=\"sh-heading-content size-m\">\r\n\t\t\t<div class=\"guru-tools\"><div class=\"guru-tools-image\"><img style=\"padding-right: 15px;\" src=\"https:\/\/chargeguru.com\/wp-content\/uploads\/2018\/06\/choisir-puissance-borne-recharge.png\" alt=\"Combien d'\u00e9conomies allez-vous r\u00e9aliser avec votre v\u00e9hicule \u00e9lectrique ?\" \/><\/div><span>MON TEMPS DE RECHARGE ?<\/span><\/div>\t\t<\/h3>\r\n\t<\/div>\r\n\r\n\r\n<div id=\"text-block-dd9f9454b9a11bef0deeadccf5162e99\" class=\"sh-text-block\">\r\n\t<p>Le temps de charge d\u00e9pend de <strong>l'autonomie \u00e0 recharger<\/strong> quotidiennement et de <strong>la puissance de la borne<\/strong>. Notre simulateur vous permet de faire le bon choix !<\/p><p><a class=\"guru-button-small\" href=\"https:\/\/chargeguru.com\/fr-be\/temps-de-recharge-voiture-electrique\">Evaluez votre temps de charge <i class=\"fa fa-angle-double-right\"><\/i><\/a><\/p><\/div>\r\n\t<\/div>\r\n\r\n\r\n\t\t\r\n\r\n<\/div>\r\n<\/div>\n\n\t<\/div>\r\n<\/section>\r\n\r\n<section class=\"sh-section sh-section-3a6f33a2e3dd3b989fd9f7997959e109 fw-main-row sh-section-visibility-everywhere\">\r\n\t\r\n\t\r\n\t<div class=\"sh-section-container container section-justify-height\">\r\n\t\t<div class=\"fw-row\">\n\t\r\n<div class=\"sh-column sh-column-a1d504aece89835ab1418360632a15e6 fw-col-xs-12 fw-col-sm-8\" >\r\n\r\n\t\r\n\t<div class=\"sh-column-wrapper\">\r\n\t\t\r\n\r\n\t<div class=\"sh-heading sh-heading-style1\" id=\"heading-09718ee15ad5a4b5dbd6171f0d45deb3\">\r\n\t\t<h4 class=\"sh-heading-content size-l\">\r\n\t\t\t<span>Expliquez-nous votre projet<\/span>\t\t<\/h4>\r\n\t<\/div>\r\n\r\n\r\n<div id=\"text-block-edea1f38ef22c8c678ac159d38cf9be5\" class=\"sh-text-block\">\r\n\t<p>Nous nous occupons du reste !<\/p><\/div>\r\n\t<\/div>\r\n\r\n\r\n\t\t\r\n\r\n<\/div>\r\n\r\n<div class=\"sh-column sh-column-e0407d65dcc532b8054baf16b2e7220f fw-col-xs-12 fw-col-sm-4 guru-translate\" >\r\n\r\n\t\r\n\t<div class=\"sh-column-wrapper\">\r\n\t\t\r\n<div id=\"text-block-00a2efda8d10a7621999c47385c0427c\" class=\"sh-text-block\">\r\n\t<p><a class=\"typeform-share guru-button-large\" href=\"https:\/\/chargeguru.typeform.com\/to\/eAMIhlz8\" target=\"_blank\" rel=\"noopener\" data-mode=\"popup\" data-hide-headers=\"true\" data-hide-footer=\"true\">OBTENEZ UN DEVIS<\/a><\/p><\/div>\r\n\t<\/div>\r\n\r\n\r\n\t\t\r\n\r\n<\/div>\r\n<\/div>\n\n\t<\/div>\r\n<\/section>\r\n<\/p>\n","protected":false},"excerpt":{"rendered":"<p>Recharger votre C4 \u00e9lectrique Autonomie et temps de recharge du e-C4, ChargeGuru vous accompagne pour identifier et installer la solution&#8230;<\/p>\n","protected":false},"author":16,"featured_media":0,"parent":0,"menu_order":0,"comment_status":"closed","ping_status":"closed","template":"","meta":{"content-type":""},"yoast_head":"<!-- This site is optimized with the Yoast SEO Premium plugin v20.8 (Yoast SEO v21.3) - https:\/\/yoast.com\/wordpress\/plugins\/seo\/ -->\n<title>Citro\u00ebn e-C4 | ChargeGuru FR BE | Partenaire de Bornes de Recharge pour V\u00e9hicule Electrique<\/title>\n<meta name=\"description\" content=\"Autonomie, types de recharge du e-C4. Trouvez la bonne solution de recharge pour votre e-C4 avec ChargeGuru.\" \/>\n<meta name=\"robots\" content=\"index, follow, max-snippet:-1, max-image-preview:large, max-video-preview:-1\" \/>\n<link rel=\"canonical\" href=\"https:\/\/chargeguru.com\/fr-be\/e-c4\/\" \/>\n<meta property=\"og:locale\" content=\"fr_FR\" \/>\n<meta property=\"og:type\" content=\"article\" \/>\n<meta property=\"og:title\" content=\"Citro\u00ebn e-C4\" \/>\n<meta property=\"og:description\" content=\"Autonomie, types de recharge du e-C4. Trouvez la bonne solution de recharge pour votre e-C4 avec ChargeGuru.\" \/>\n<meta property=\"og:url\" content=\"https:\/\/chargeguru.com\/fr-be\/e-c4\/\" \/>\n<meta property=\"og:site_name\" content=\"ChargeGuru FR BE | Partenaire de Bornes de Recharge pour V\u00e9hicule Electrique\" \/>\n<meta property=\"article:modified_time\" content=\"2023-05-25T13:23:25+00:00\" \/>\n<meta property=\"og:image\" content=\"https:\/\/chargeguru.com\/fr-be\/wp-content\/uploads\/sites\/7\/2018\/06\/recharge-vehicule-1-small.png\" \/>\n<meta name=\"twitter:card\" content=\"summary_large_image\" \/>\n<meta name=\"twitter:label1\" content=\"Dur\u00e9e de lecture est.\" \/>\n\t<meta name=\"twitter:data1\" content=\"10 minutes\" \/>\n<script type=\"application\/ld+json\" class=\"yoast-schema-graph\">{\"@context\":\"https:\/\/schema.org\",\"@graph\":[{\"@type\":\"WebPage\",\"@id\":\"https:\/\/chargeguru.com\/fr-be\/e-c4\/\",\"url\":\"https:\/\/chargeguru.com\/fr-be\/e-c4\/\",\"name\":\"Citro\u00ebn e-C4 | ChargeGuru FR BE | Partenaire de Bornes de Recharge pour V\u00e9hicule Electrique\",\"isPartOf\":{\"@id\":\"https:\/\/chargeguru.com\/fr-be\/#website\"},\"datePublished\":\"2022-11-09T11:49:11+00:00\",\"dateModified\":\"2023-05-25T13:23:25+00:00\",\"description\":\"Autonomie, types de recharge du e-C4. Trouvez la bonne solution de recharge pour votre e-C4 avec ChargeGuru.\",\"breadcrumb\":{\"@id\":\"https:\/\/chargeguru.com\/fr-be\/e-c4\/#breadcrumb\"},\"inLanguage\":false,\"potentialAction\":[{\"@type\":\"ReadAction\",\"target\":[\"https:\/\/chargeguru.com\/fr-be\/e-c4\/\"]}]},{\"@type\":\"BreadcrumbList\",\"@id\":\"https:\/\/chargeguru.com\/fr-be\/e-c4\/#breadcrumb\",\"itemListElement\":[{\"@type\":\"ListItem\",\"position\":1,\"name\":\"Accueille\",\"item\":\"https:\/\/chargeguru.com\/fr-be\/\"},{\"@type\":\"ListItem\",\"position\":2,\"name\":\"Citro\u00ebn e-C4\"}]},{\"@type\":\"WebSite\",\"@id\":\"https:\/\/chargeguru.com\/fr-be\/#website\",\"url\":\"https:\/\/chargeguru.com\/fr-be\/\",\"name\":\"ChargeGuru FR BE | Partenaire de Bornes de Recharge pour V\u00e9hicule Electrique\",\"description\":\"ChargeGuru | Partenaire de Bornes de Recharge pour V\u00e9hicule Electrique\",\"publisher\":{\"@id\":\"https:\/\/chargeguru.com\/fr-be\/#organization\"},\"potentialAction\":[{\"@type\":\"SearchAction\",\"target\":{\"@type\":\"EntryPoint\",\"urlTemplate\":\"https:\/\/chargeguru.com\/fr-be\/?s={search_term_string}\"},\"query-input\":\"required name=search_term_string\"}],\"inLanguage\":false},{\"@type\":\"Organization\",\"@id\":\"https:\/\/chargeguru.com\/fr-be\/#organization\",\"name\":\"ChargeGuru FR BE | Partenaire de Bornes de Recharge pour V\u00e9hicule Electrique\",\"url\":\"https:\/\/chargeguru.com\/fr-be\/\",\"logo\":{\"@type\":\"ImageObject\",\"inLanguage\":false,\"@id\":\"https:\/\/chargeguru.com\/fr-be\/#\/schema\/logo\/image\/\",\"url\":\"https:\/\/chargeguru.com\/fr-be\/wp-content\/uploads\/sites\/7\/2024\/02\/LOGO-MAIN_RVB.png\",\"contentUrl\":\"https:\/\/chargeguru.com\/fr-be\/wp-content\/uploads\/sites\/7\/2024\/02\/LOGO-MAIN_RVB.png\",\"width\":1578,\"height\":853,\"caption\":\"ChargeGuru FR BE | Partenaire de Bornes de Recharge pour V\u00e9hicule Electrique\"},\"image\":{\"@id\":\"https:\/\/chargeguru.com\/fr-be\/#\/schema\/logo\/image\/\"}}]}<\/script>\n<!-- \/ Yoast SEO Premium plugin. -->","yoast_head_json":{"title":"Citro\u00ebn e-C4 | ChargeGuru FR BE | Partenaire de Bornes de Recharge pour V\u00e9hicule Electrique","description":"Autonomie, types de recharge du e-C4. Trouvez la bonne solution de recharge pour votre e-C4 avec ChargeGuru.","robots":{"index":"index","follow":"follow","max-snippet":"max-snippet:-1","max-image-preview":"max-image-preview:large","max-video-preview":"max-video-preview:-1"},"canonical":"https:\/\/chargeguru.com\/fr-be\/e-c4\/","og_locale":"fr_FR","og_type":"article","og_title":"Citro\u00ebn e-C4","og_description":"Autonomie, types de recharge du e-C4. Trouvez la bonne solution de recharge pour votre e-C4 avec ChargeGuru.","og_url":"https:\/\/chargeguru.com\/fr-be\/e-c4\/","og_site_name":"ChargeGuru FR BE | Partenaire de Bornes de Recharge pour V\u00e9hicule Electrique","article_modified_time":"2023-05-25T13:23:25+00:00","og_image":[{"url":"https:\/\/chargeguru.com\/fr-be\/wp-content\/uploads\/sites\/7\/2018\/06\/recharge-vehicule-1-small.png"}],"twitter_card":"summary_large_image","twitter_misc":{"Dur\u00e9e de lecture est.":"10 minutes"},"schema":{"@context":"https:\/\/schema.org","@graph":[{"@type":"WebPage","@id":"https:\/\/chargeguru.com\/fr-be\/e-c4\/","url":"https:\/\/chargeguru.com\/fr-be\/e-c4\/","name":"Citro\u00ebn e-C4 | ChargeGuru FR BE | Partenaire de Bornes de Recharge pour V\u00e9hicule Electrique","isPartOf":{"@id":"https:\/\/chargeguru.com\/fr-be\/#website"},"datePublished":"2022-11-09T11:49:11+00:00","dateModified":"2023-05-25T13:23:25+00:00","description":"Autonomie, types de recharge du e-C4. Trouvez la bonne solution de recharge pour votre e-C4 avec ChargeGuru.","breadcrumb":{"@id":"https:\/\/chargeguru.com\/fr-be\/e-c4\/#breadcrumb"},"inLanguage":false,"potentialAction":[{"@type":"ReadAction","target":["https:\/\/chargeguru.com\/fr-be\/e-c4\/"]}]},{"@type":"BreadcrumbList","@id":"https:\/\/chargeguru.com\/fr-be\/e-c4\/#breadcrumb","itemListElement":[{"@type":"ListItem","position":1,"name":"Accueille","item":"https:\/\/chargeguru.com\/fr-be\/"},{"@type":"ListItem","position":2,"name":"Citro\u00ebn e-C4"}]},{"@type":"WebSite","@id":"https:\/\/chargeguru.com\/fr-be\/#website","url":"https:\/\/chargeguru.com\/fr-be\/","name":"ChargeGuru FR BE | Partenaire de Bornes de Recharge pour V\u00e9hicule Electrique","description":"ChargeGuru | Partenaire de Bornes de Recharge pour V\u00e9hicule Electrique","publisher":{"@id":"https:\/\/chargeguru.com\/fr-be\/#organization"},"potentialAction":[{"@type":"SearchAction","target":{"@type":"EntryPoint","urlTemplate":"https:\/\/chargeguru.com\/fr-be\/?s={search_term_string}"},"query-input":"required name=search_term_string"}],"inLanguage":false},{"@type":"Organization","@id":"https:\/\/chargeguru.com\/fr-be\/#organization","name":"ChargeGuru FR BE | Partenaire de Bornes de Recharge pour V\u00e9hicule Electrique","url":"https:\/\/chargeguru.com\/fr-be\/","logo":{"@type":"ImageObject","inLanguage":false,"@id":"https:\/\/chargeguru.com\/fr-be\/#\/schema\/logo\/image\/","url":"https:\/\/chargeguru.com\/fr-be\/wp-content\/uploads\/sites\/7\/2024\/02\/LOGO-MAIN_RVB.png","contentUrl":"https:\/\/chargeguru.com\/fr-be\/wp-content\/uploads\/sites\/7\/2024\/02\/LOGO-MAIN_RVB.png","width":1578,"height":853,"caption":"ChargeGuru FR BE | Partenaire de Bornes de Recharge pour V\u00e9hicule Electrique"},"image":{"@id":"https:\/\/chargeguru.com\/fr-be\/#\/schema\/logo\/image\/"}}]}},"_links":{"self":[{"href":"https:\/\/chargeguru.com\/fr-be\/wp-json\/wp\/v2\/pages\/13119"}],"collection":[{"href":"https:\/\/chargeguru.com\/fr-be\/wp-json\/wp\/v2\/pages"}],"about":[{"href":"https:\/\/chargeguru.com\/fr-be\/wp-json\/wp\/v2\/types\/page"}],"author":[{"embeddable":true,"href":"https:\/\/chargeguru.com\/fr-be\/wp-json\/wp\/v2\/users\/16"}],"replies":[{"embeddable":true,"href":"https:\/\/chargeguru.com\/fr-be\/wp-json\/wp\/v2\/comments?post=13119"}],"version-history":[{"count":9,"href":"https:\/\/chargeguru.com\/fr-be\/wp-json\/wp\/v2\/pages\/13119\/revisions"}],"predecessor-version":[{"id":13721,"href":"https:\/\/chargeguru.com\/fr-be\/wp-json\/wp\/v2\/pages\/13119\/revisions\/13721"}],"wp:attachment":[{"href":"https:\/\/chargeguru.com\/fr-be\/wp-json\/wp\/v2\/media?parent=13119"}],"curies":[{"name":"wp","href":"https:\/\/api.w.org\/{rel}","templated":true}]}}